{"id":248,"date":"2023-08-12T20:43:13","date_gmt":"2023-08-12T20:43:13","guid":{"rendered":"https:\/\/blaeserensemble-marktoberdorf.de\/?page_id=248"},"modified":"2026-03-23T22:08:13","modified_gmt":"2026-03-23T22:08:13","slug":"presse","status":"publish","type":"page","link":"https:\/\/blaeserensemble-marktoberdorf.de\/?page_id=248","title":{"rendered":"Presse"},"content":{"rendered":"\n<div class=\"wp-block-columns is-layout-flex wp-container-core-columns-is-layout-9d6595d7 wp-block-columns-is-layout-flex\">\n<div class=\"wp-block-column is-layout-flow wp-block-column-is-layout-flow\">\n<h3 class=\"wp-block-heading\">Nachbericht zum Konzert &#8222;Rose von Jericho&#8220; am 5.5.2024<\/h3>\n\n\n\n<figure class=\"wp-block-image size-large\"><img loading=\"lazy\" decoding=\"async\" width=\"1009\" height=\"1024\" src=\"https:\/\/blaeserensemble-marktoberdorf.de\/wp-content\/uploads\/2024\/05\/Jericho_Nachbericht-1009x1024.jpg\" alt=\"\" class=\"wp-image-323\" srcset=\"https:\/\/blaeserensemble-marktoberdorf.de\/wp-content\/uploads\/2024\/05\/Jericho_Nachbericht-1009x1024.jpg 1009w, https:\/\/blaeserensemble-marktoberdorf.de\/wp-content\/uploads\/2024\/05\/Jericho_Nachbericht-296x300.jpg 296w, https:\/\/blaeserensemble-marktoberdorf.de\/wp-content\/uploads\/2024\/05\/Jericho_Nachbericht-768x779.jpg 768w, https:\/\/blaeserensemble-marktoberdorf.de\/wp-content\/uploads\/2024\/05\/Jericho_Nachbericht.jpg 1080w\" sizes=\"auto, (max-width: 1009px) 100vw, 1009px\" \/><figcaption class=\"wp-element-caption\">Allg\u00e4uer Zeitung vom 7. Mai 2024.<\/figcaption><\/figure>\n\n\n\n<h3 class=\"wp-block-heading\">Vorbericht zum Konzert &#8222;Rose von Jericho&#8220;<\/h3>\n\n\n\n<figure class=\"wp-block-image size-large\"><img loading=\"lazy\" decoding=\"async\" width=\"941\" height=\"1024\" src=\"https:\/\/blaeserensemble-marktoberdorf.de\/wp-content\/uploads\/2024\/05\/Jericho_Vorbericht-941x1024.jpg\" alt=\"\" class=\"wp-image-324\" srcset=\"https:\/\/blaeserensemble-marktoberdorf.de\/wp-content\/uploads\/2024\/05\/Jericho_Vorbericht-941x1024.jpg 941w, https:\/\/blaeserensemble-marktoberdorf.de\/wp-content\/uploads\/2024\/05\/Jericho_Vorbericht-276x300.jpg 276w, https:\/\/blaeserensemble-marktoberdorf.de\/wp-content\/uploads\/2024\/05\/Jericho_Vorbericht-768x836.jpg 768w, https:\/\/blaeserensemble-marktoberdorf.de\/wp-content\/uploads\/2024\/05\/Jericho_Vorbericht.jpg 992w\" sizes=\"auto, (max-width: 941px) 100vw, 941px\" \/><figcaption class=\"wp-element-caption\">Allg\u00e4uer Zeitung vom 2. Mai 2024.<\/figcaption><\/figure>\n\n\n\n<h3 class=\"wp-block-heading\">Nachbericht zum Konzertprojekt &#8222;Wenn der Trauer Fl\u00fcgel wachsen&#8220;<\/h3>\n\n\n\n<figure class=\"wp-block-image size-large\"><img loading=\"lazy\" decoding=\"async\" width=\"1024\" height=\"662\" src=\"https:\/\/blaeserensemble-marktoberdorf.de\/wp-content\/uploads\/2024\/05\/Trost_Nachbericht-1024x662.jpg\" alt=\"\" class=\"wp-image-325\" srcset=\"https:\/\/blaeserensemble-marktoberdorf.de\/wp-content\/uploads\/2024\/05\/Trost_Nachbericht-1024x662.jpg 1024w, https:\/\/blaeserensemble-marktoberdorf.de\/wp-content\/uploads\/2024\/05\/Trost_Nachbericht-300x194.jpg 300w, https:\/\/blaeserensemble-marktoberdorf.de\/wp-content\/uploads\/2024\/05\/Trost_Nachbericht-768x496.jpg 768w, https:\/\/blaeserensemble-marktoberdorf.de\/wp-content\/uploads\/2024\/05\/Trost_Nachbericht-1536x993.jpg 1536w, https:\/\/blaeserensemble-marktoberdorf.de\/wp-content\/uploads\/2024\/05\/Trost_Nachbericht.jpg 1676w\" sizes=\"auto, (max-width: 1024px) 100vw, 1024px\" \/><figcaption class=\"wp-element-caption\">Allg\u00e4uer Zeitung vom 4. April 2024.<\/figcaption><\/figure>\n\n\n\n<h3 class=\"wp-block-heading\">Bericht \u00fcber das Konzert &#8222;Wenn der Trauer Fl\u00fcgel wachsen&#8220; am 16.3.2024<\/h3>\n\n\n<div class=\"wp-block-image\">\n<figure class=\"aligncenter size-large\"><img loading=\"lazy\" decoding=\"async\" width=\"747\" height=\"1024\" src=\"https:\/\/blaeserensemble-marktoberdorf.de\/wp-content\/uploads\/2024\/05\/Trost_Bericht-747x1024.jpg\" alt=\"\" class=\"wp-image-329\" srcset=\"https:\/\/blaeserensemble-marktoberdorf.de\/wp-content\/uploads\/2024\/05\/Trost_Bericht-747x1024.jpg 747w, https:\/\/blaeserensemble-marktoberdorf.de\/wp-content\/uploads\/2024\/05\/Trost_Bericht-219x300.jpg 219w, https:\/\/blaeserensemble-marktoberdorf.de\/wp-content\/uploads\/2024\/05\/Trost_Bericht-768x1053.jpg 768w, https:\/\/blaeserensemble-marktoberdorf.de\/wp-content\/uploads\/2024\/05\/Trost_Bericht-1121x1536.jpg 1121w, https:\/\/blaeserensemble-marktoberdorf.de\/wp-content\/uploads\/2024\/05\/Trost_Bericht.jpg 1268w\" sizes=\"auto, (max-width: 747px) 100vw, 747px\" \/><figcaption class=\"wp-element-caption\">Allg\u00e4uer Zeitung vom 16. M\u00e4rz 2024.<\/figcaption><\/figure>\n<\/div>\n\n\n<h2 class=\"wp-block-heading\">Bericht \u00fcber die Serenade am Marktplatz am 2.8.2023<\/h2>\n\n\n<div class=\"wp-block-image\">\n<figure class=\"aligncenter size-large\"><img loading=\"lazy\" decoding=\"async\" width=\"790\" height=\"1024\" src=\"https:\/\/blaeserensemble-marktoberdorf.de\/wp-content\/uploads\/2024\/05\/Serenade_Stadtplatz-790x1024.jpg\" alt=\"\" class=\"wp-image-328\" srcset=\"https:\/\/blaeserensemble-marktoberdorf.de\/wp-content\/uploads\/2024\/05\/Serenade_Stadtplatz-790x1024.jpg 790w, https:\/\/blaeserensemble-marktoberdorf.de\/wp-content\/uploads\/2024\/05\/Serenade_Stadtplatz-231x300.jpg 231w, https:\/\/blaeserensemble-marktoberdorf.de\/wp-content\/uploads\/2024\/05\/Serenade_Stadtplatz-768x996.jpg 768w, https:\/\/blaeserensemble-marktoberdorf.de\/wp-content\/uploads\/2024\/05\/Serenade_Stadtplatz-1184x1536.jpg 1184w, https:\/\/blaeserensemble-marktoberdorf.de\/wp-content\/uploads\/2024\/05\/Serenade_Stadtplatz.jpg 1421w\" sizes=\"auto, (max-width: 790px) 100vw, 790px\" \/><figcaption class=\"wp-element-caption\">Allg\u00e4uer Zeitung vom 5. August 2023.<\/figcaption><\/figure>\n<\/div>\n\n\n<h3 class=\"wp-block-heading\">Bericht \u00fcber das Benefizkonzert mit dem Gospelchor N&#8217;Joy am 18.3.2023<\/h3>\n\n\n<div class=\"wp-block-image\">\n<figure class=\"aligncenter size-large\"><img loading=\"lazy\" decoding=\"async\" width=\"856\" height=\"1024\" src=\"https:\/\/blaeserensemble-marktoberdorf.de\/wp-content\/uploads\/2023\/08\/Screenshot_20230812-224939-843-856x1024.png\" alt=\"\" class=\"wp-image-252\" srcset=\"https:\/\/blaeserensemble-marktoberdorf.de\/wp-content\/uploads\/2023\/08\/Screenshot_20230812-224939-843-856x1024.png 856w, https:\/\/blaeserensemble-marktoberdorf.de\/wp-content\/uploads\/2023\/08\/Screenshot_20230812-224939-843-251x300.png 251w, https:\/\/blaeserensemble-marktoberdorf.de\/wp-content\/uploads\/2023\/08\/Screenshot_20230812-224939-843-768x919.png 768w, https:\/\/blaeserensemble-marktoberdorf.de\/wp-content\/uploads\/2023\/08\/Screenshot_20230812-224939-843.png 1020w\" sizes=\"auto, (max-width: 856px) 100vw, 856px\" \/><figcaption class=\"wp-element-caption\">Allg\u00e4uer Zeitung vom 22. M\u00e4rz 2023.<\/figcaption><\/figure>\n<\/div><\/div>\n<\/div>\n\n\n\n<p><\/p>\n","protected":false},"excerpt":{"rendered":"<p>Nachbericht zum Konzert &#8222;Rose von Jericho&#8220; am 5.5.2024 Vorbericht zum Konzert &#8222;Rose von Jericho&#8220; Nachbericht zum Konzertprojekt &#8222;Wenn der Trauer Fl\u00fcgel wachsen&#8220; Bericht \u00fcber das Konzert &#8222;Wenn der Trauer Fl\u00fcgel<\/p>\n<p class=\"more-link\"><a class=\"button\" href=\"https:\/\/blaeserensemble-marktoberdorf.de\/?page_id=248\" class=\"readmore\">Continue reading<span class=\"screen-reader-text\">Presse<\/span><\/a><\/p>\n","protected":false},"author":1,"featured_media":0,"parent":0,"menu_order":0,"comment_status":"closed","ping_status":"closed","template":"","meta":{"footnotes":""},"class_list":["post-248","page","type-page","status-publish","hentry"],"yoast_head":"<!-- This site is optimized with the Yoast SEO plugin v27.2 - https:\/\/yoast.com\/product\/yoast-seo-wordpress\/ -->\n<title>Presse - Bl\u00e4serensemble Marktoberdorf<\/title>\n<meta name=\"description\" content=\"Pressestimmen und Berichte \u00fcber das Bl\u00e4serensemble Marktoberdorf.\" \/>\n<meta name=\"robots\" content=\"index, follow, max-snippet:-1, max-image-preview:large, max-video-preview:-1\" \/>\n<link rel=\"canonical\" href=\"https:\/\/blaeserensemble-marktoberdorf.de\/?page_id=248\" \/>\n<meta property=\"og:locale\" content=\"de_DE\" \/>\n<meta property=\"og:type\" content=\"article\" \/>\n<meta property=\"og:title\" content=\"Presse - Bl\u00e4serensemble Marktoberdorf\" \/>\n<meta property=\"og:description\" content=\"Pressestimmen und Berichte \u00fcber das Bl\u00e4serensemble Marktoberdorf.\" \/>\n<meta property=\"og:url\" content=\"https:\/\/blaeserensemble-marktoberdorf.de\/?page_id=248\" \/>\n<meta property=\"og:site_name\" content=\"Bl\u00e4serensemble Marktoberdorf\" \/>\n<meta property=\"article:modified_time\" content=\"2026-03-23T22:08:13+00:00\" \/>\n<meta property=\"og:image\" content=\"https:\/\/blaeserensemble-marktoberdorf.de\/wp-content\/uploads\/2024\/05\/Jericho_Nachbericht.jpg\" \/>\n\t<meta property=\"og:image:width\" content=\"1080\" \/>\n\t<meta property=\"og:image:height\" content=\"1096\" \/>\n\t<meta property=\"og:image:type\" content=\"image\/jpeg\" \/>\n<meta name=\"twitter:card\" content=\"summary_large_image\" \/>\n<meta name=\"twitter:label1\" content=\"Gesch\u00e4tzte Lesezeit\" \/>\n\t<meta name=\"twitter:data1\" content=\"2\u00a0Minuten\" \/>\n<script type=\"application\/ld+json\" class=\"yoast-schema-graph\">{\"@context\":\"https:\/\/schema.org\",\"@graph\":[{\"@type\":\"WebPage\",\"@id\":\"https:\/\/blaeserensemble-marktoberdorf.de\/?page_id=248\",\"url\":\"https:\/\/blaeserensemble-marktoberdorf.de\/?page_id=248\",\"name\":\"Presse - Bl\u00e4serensemble Marktoberdorf\",\"isPartOf\":{\"@id\":\"https:\/\/blaeserensemble-marktoberdorf.de\/#website\"},\"primaryImageOfPage\":{\"@id\":\"https:\/\/blaeserensemble-marktoberdorf.de\/?page_id=248#primaryimage\"},\"image\":{\"@id\":\"https:\/\/blaeserensemble-marktoberdorf.de\/?page_id=248#primaryimage\"},\"thumbnailUrl\":\"https:\/\/blaeserensemble-marktoberdorf.de\/wp-content\/uploads\/2024\/05\/Jericho_Nachbericht-1009x1024.jpg\",\"datePublished\":\"2023-08-12T20:43:13+00:00\",\"dateModified\":\"2026-03-23T22:08:13+00:00\",\"description\":\"Pressestimmen und Berichte \u00fcber das Bl\u00e4serensemble Marktoberdorf.\",\"breadcrumb\":{\"@id\":\"https:\/\/blaeserensemble-marktoberdorf.de\/?page_id=248#breadcrumb\"},\"inLanguage\":\"de\",\"potentialAction\":[{\"@type\":\"ReadAction\",\"target\":[\"https:\/\/blaeserensemble-marktoberdorf.de\/?page_id=248\"]}]},{\"@type\":\"ImageObject\",\"inLanguage\":\"de\",\"@id\":\"https:\/\/blaeserensemble-marktoberdorf.de\/?page_id=248#primaryimage\",\"url\":\"https:\/\/blaeserensemble-marktoberdorf.de\/wp-content\/uploads\/2024\/05\/Jericho_Nachbericht.jpg\",\"contentUrl\":\"https:\/\/blaeserensemble-marktoberdorf.de\/wp-content\/uploads\/2024\/05\/Jericho_Nachbericht.jpg\",\"width\":1080,\"height\":1096},{\"@type\":\"BreadcrumbList\",\"@id\":\"https:\/\/blaeserensemble-marktoberdorf.de\/?page_id=248#breadcrumb\",\"itemListElement\":[{\"@type\":\"ListItem\",\"position\":1,\"name\":\"Start\",\"item\":\"https:\/\/blaeserensemble-marktoberdorf.de\/\"},{\"@type\":\"ListItem\",\"position\":2,\"name\":\"Presse\"}]},{\"@type\":\"WebSite\",\"@id\":\"https:\/\/blaeserensemble-marktoberdorf.de\/#website\",\"url\":\"https:\/\/blaeserensemble-marktoberdorf.de\/\",\"name\":\"Bl\u00e4serensemble Marktoberdorf\",\"description\":\"\",\"publisher\":{\"@id\":\"https:\/\/blaeserensemble-marktoberdorf.de\/#organization\"},\"potentialAction\":[{\"@type\":\"SearchAction\",\"target\":{\"@type\":\"EntryPoint\",\"urlTemplate\":\"https:\/\/blaeserensemble-marktoberdorf.de\/?s={search_term_string}\"},\"query-input\":{\"@type\":\"PropertyValueSpecification\",\"valueRequired\":true,\"valueName\":\"search_term_string\"}}],\"inLanguage\":\"de\"},{\"@type\":\"Organization\",\"@id\":\"https:\/\/blaeserensemble-marktoberdorf.de\/#organization\",\"name\":\"Bl\u00e4serensemble Marktoberdorf\",\"url\":\"https:\/\/blaeserensemble-marktoberdorf.de\/\",\"logo\":{\"@type\":\"ImageObject\",\"inLanguage\":\"de\",\"@id\":\"https:\/\/blaeserensemble-marktoberdorf.de\/#\/schema\/logo\/image\/\",\"url\":\"https:\/\/blaeserensemble-marktoberdorf.de\/wp-content\/uploads\/2026\/03\/favicon.png\",\"contentUrl\":\"https:\/\/blaeserensemble-marktoberdorf.de\/wp-content\/uploads\/2026\/03\/favicon.png\",\"width\":512,\"height\":512,\"caption\":\"Bl\u00e4serensemble Marktoberdorf\"},\"image\":{\"@id\":\"https:\/\/blaeserensemble-marktoberdorf.de\/#\/schema\/logo\/image\/\"}}]}<\/script>\n<!-- \/ Yoast SEO plugin. -->","yoast_head_json":{"title":"Presse - Bl\u00e4serensemble Marktoberdorf","description":"Pressestimmen und Berichte \u00fcber das Bl\u00e4serensemble Marktoberdorf.","robots":{"index":"index","follow":"follow","max-snippet":"max-snippet:-1","max-image-preview":"max-image-preview:large","max-video-preview":"max-video-preview:-1"},"canonical":"https:\/\/blaeserensemble-marktoberdorf.de\/?page_id=248","og_locale":"de_DE","og_type":"article","og_title":"Presse - Bl\u00e4serensemble Marktoberdorf","og_description":"Pressestimmen und Berichte \u00fcber das Bl\u00e4serensemble Marktoberdorf.","og_url":"https:\/\/blaeserensemble-marktoberdorf.de\/?page_id=248","og_site_name":"Bl\u00e4serensemble Marktoberdorf","article_modified_time":"2026-03-23T22:08:13+00:00","og_image":[{"width":1080,"height":1096,"url":"https:\/\/blaeserensemble-marktoberdorf.de\/wp-content\/uploads\/2024\/05\/Jericho_Nachbericht.jpg","type":"image\/jpeg"}],"twitter_card":"summary_large_image","twitter_misc":{"Gesch\u00e4tzte Lesezeit":"2\u00a0Minuten"},"schema":{"@context":"https:\/\/schema.org","@graph":[{"@type":"WebPage","@id":"https:\/\/blaeserensemble-marktoberdorf.de\/?page_id=248","url":"https:\/\/blaeserensemble-marktoberdorf.de\/?page_id=248","name":"Presse - Bl\u00e4serensemble Marktoberdorf","isPartOf":{"@id":"https:\/\/blaeserensemble-marktoberdorf.de\/#website"},"primaryImageOfPage":{"@id":"https:\/\/blaeserensemble-marktoberdorf.de\/?page_id=248#primaryimage"},"image":{"@id":"https:\/\/blaeserensemble-marktoberdorf.de\/?page_id=248#primaryimage"},"thumbnailUrl":"https:\/\/blaeserensemble-marktoberdorf.de\/wp-content\/uploads\/2024\/05\/Jericho_Nachbericht-1009x1024.jpg","datePublished":"2023-08-12T20:43:13+00:00","dateModified":"2026-03-23T22:08:13+00:00","description":"Pressestimmen und Berichte \u00fcber das Bl\u00e4serensemble Marktoberdorf.","breadcrumb":{"@id":"https:\/\/blaeserensemble-marktoberdorf.de\/?page_id=248#breadcrumb"},"inLanguage":"de","potentialAction":[{"@type":"ReadAction","target":["https:\/\/blaeserensemble-marktoberdorf.de\/?page_id=248"]}]},{"@type":"ImageObject","inLanguage":"de","@id":"https:\/\/blaeserensemble-marktoberdorf.de\/?page_id=248#primaryimage","url":"https:\/\/blaeserensemble-marktoberdorf.de\/wp-content\/uploads\/2024\/05\/Jericho_Nachbericht.jpg","contentUrl":"https:\/\/blaeserensemble-marktoberdorf.de\/wp-content\/uploads\/2024\/05\/Jericho_Nachbericht.jpg","width":1080,"height":1096},{"@type":"BreadcrumbList","@id":"https:\/\/blaeserensemble-marktoberdorf.de\/?page_id=248#breadcrumb","itemListElement":[{"@type":"ListItem","position":1,"name":"Start","item":"https:\/\/blaeserensemble-marktoberdorf.de\/"},{"@type":"ListItem","position":2,"name":"Presse"}]},{"@type":"WebSite","@id":"https:\/\/blaeserensemble-marktoberdorf.de\/#website","url":"https:\/\/blaeserensemble-marktoberdorf.de\/","name":"Bl\u00e4serensemble Marktoberdorf","description":"","publisher":{"@id":"https:\/\/blaeserensemble-marktoberdorf.de\/#organization"},"potentialAction":[{"@type":"SearchAction","target":{"@type":"EntryPoint","urlTemplate":"https:\/\/blaeserensemble-marktoberdorf.de\/?s={search_term_string}"},"query-input":{"@type":"PropertyValueSpecification","valueRequired":true,"valueName":"search_term_string"}}],"inLanguage":"de"},{"@type":"Organization","@id":"https:\/\/blaeserensemble-marktoberdorf.de\/#organization","name":"Bl\u00e4serensemble Marktoberdorf","url":"https:\/\/blaeserensemble-marktoberdorf.de\/","logo":{"@type":"ImageObject","inLanguage":"de","@id":"https:\/\/blaeserensemble-marktoberdorf.de\/#\/schema\/logo\/image\/","url":"https:\/\/blaeserensemble-marktoberdorf.de\/wp-content\/uploads\/2026\/03\/favicon.png","contentUrl":"https:\/\/blaeserensemble-marktoberdorf.de\/wp-content\/uploads\/2026\/03\/favicon.png","width":512,"height":512,"caption":"Bl\u00e4serensemble Marktoberdorf"},"image":{"@id":"https:\/\/blaeserensemble-marktoberdorf.de\/#\/schema\/logo\/image\/"}}]}},"jetpack_sharing_enabled":true,"_links":{"self":[{"href":"https:\/\/blaeserensemble-marktoberdorf.de\/index.php?rest_route=\/wp\/v2\/pages\/248","targetHints":{"allow":["GET"]}}],"collection":[{"href":"https:\/\/blaeserensemble-marktoberdorf.de\/index.php?rest_route=\/wp\/v2\/pages"}],"about":[{"href":"https:\/\/blaeserensemble-marktoberdorf.de\/index.php?rest_route=\/wp\/v2\/types\/page"}],"author":[{"embeddable":true,"href":"https:\/\/blaeserensemble-marktoberdorf.de\/index.php?rest_route=\/wp\/v2\/users\/1"}],"replies":[{"embeddable":true,"href":"https:\/\/blaeserensemble-marktoberdorf.de\/index.php?rest_route=%2Fwp%2Fv2%2Fcomments&post=248"}],"version-history":[{"count":8,"href":"https:\/\/blaeserensemble-marktoberdorf.de\/index.php?rest_route=\/wp\/v2\/pages\/248\/revisions"}],"predecessor-version":[{"id":330,"href":"https:\/\/blaeserensemble-marktoberdorf.de\/index.php?rest_route=\/wp\/v2\/pages\/248\/revisions\/330"}],"wp:attachment":[{"href":"https:\/\/blaeserensemble-marktoberdorf.de\/index.php?rest_route=%2Fwp%2Fv2%2Fmedia&parent=248"}],"curies":[{"name":"wp","href":"https:\/\/api.w.org\/{rel}","templated":true}]}}