{"id":301,"date":"2024-05-18T09:42:52","date_gmt":"2024-05-18T09:42:52","guid":{"rendered":"https:\/\/blaeserensemble-marktoberdorf.de\/?page_id=301"},"modified":"2026-03-23T22:07:04","modified_gmt":"2026-03-23T22:07:04","slug":"konzerte","status":"publish","type":"page","link":"https:\/\/blaeserensemble-marktoberdorf.de\/?page_id=301","title":{"rendered":"Konzerte"},"content":{"rendered":"\n<p>Nachfolgend finden Sie einen \u00dcberblick \u00fcber ausgew\u00e4hlte Konzerte der letzten Jahre. Neben unseren gew\u00f6hnlichen Auftritten, wie der Serenade auf der Burg oder dem Jahreskonzert haben wir zuletzt auch verst\u00e4rkt einen Fokus auf die Erarbeitung thematisch orientierter Konzertprogramme gelegt.<\/p>\n\n\n\n<figure class=\"wp-block-image size-large\"><img loading=\"lazy\" decoding=\"async\" width=\"1024\" height=\"727\" src=\"https:\/\/blaeserensemble-marktoberdorf.de\/wp-content\/uploads\/2024\/05\/2024_Jericho-1024x727.png\" alt=\"\" class=\"wp-image-302\" srcset=\"https:\/\/blaeserensemble-marktoberdorf.de\/wp-content\/uploads\/2024\/05\/2024_Jericho-1024x727.png 1024w, https:\/\/blaeserensemble-marktoberdorf.de\/wp-content\/uploads\/2024\/05\/2024_Jericho-300x213.png 300w, https:\/\/blaeserensemble-marktoberdorf.de\/wp-content\/uploads\/2024\/05\/2024_Jericho-768x545.png 768w, https:\/\/blaeserensemble-marktoberdorf.de\/wp-content\/uploads\/2024\/05\/2024_Jericho.png 1392w\" sizes=\"auto, (max-width: 1024px) 100vw, 1024px\" \/><figcaption class=\"wp-element-caption\">Das Programmheft zu &#8222;Rose von Jericho&#8220; finden Sie <a rel=\"noreferrer noopener\" href=\"https:\/\/blaeserensemble-marktoberdorf.de\/wp-content\/uploads\/2024\/05\/Jericho2024_Programmheft.pdf\" data-type=\"URL\" data-id=\"https:\/\/blaeserensemble-marktoberdorf.de\/wp-content\/uploads\/2024\/05\/Jericho2024_Programmheft.pdf\" target=\"_blank\">hier<\/a>.<\/figcaption><\/figure>\n\n\n\n<figure class=\"wp-block-image size-large\"><img loading=\"lazy\" decoding=\"async\" width=\"1024\" height=\"725\" src=\"https:\/\/blaeserensemble-marktoberdorf.de\/wp-content\/uploads\/2024\/05\/2024_Trauer-1-1024x725.png\" alt=\"\" class=\"wp-image-308\" srcset=\"https:\/\/blaeserensemble-marktoberdorf.de\/wp-content\/uploads\/2024\/05\/2024_Trauer-1-1024x725.png 1024w, https:\/\/blaeserensemble-marktoberdorf.de\/wp-content\/uploads\/2024\/05\/2024_Trauer-1-300x212.png 300w, https:\/\/blaeserensemble-marktoberdorf.de\/wp-content\/uploads\/2024\/05\/2024_Trauer-1-768x544.png 768w, https:\/\/blaeserensemble-marktoberdorf.de\/wp-content\/uploads\/2024\/05\/2024_Trauer-1.png 1386w\" sizes=\"auto, (max-width: 1024px) 100vw, 1024px\" \/><figcaption class=\"wp-element-caption\">Das Programmheft zu &#8222;Wenn der Trauer Fl\u00fcgel wachsen&#8220; finden Sie <a href=\"https:\/\/blaeserensemble-marktoberdorf.de\/wp-content\/uploads\/2024\/05\/Trauer2024_Programmheft.pdf\" data-type=\"URL\" data-id=\"https:\/\/blaeserensemble-marktoberdorf.de\/wp-content\/uploads\/2024\/05\/Trauer2024_Programmheft.pdf\" target=\"_blank\" rel=\"noreferrer noopener\">hier<\/a>.<\/figcaption><\/figure>\n\n\n<div class=\"wp-block-image\">\n<figure class=\"aligncenter size-large\"><img loading=\"lazy\" decoding=\"async\" width=\"715\" height=\"1024\" src=\"https:\/\/blaeserensemble-marktoberdorf.de\/wp-content\/uploads\/2024\/05\/2022_ER-715x1024.png\" alt=\"\" class=\"wp-image-314\" srcset=\"https:\/\/blaeserensemble-marktoberdorf.de\/wp-content\/uploads\/2024\/05\/2022_ER-715x1024.png 715w, https:\/\/blaeserensemble-marktoberdorf.de\/wp-content\/uploads\/2024\/05\/2022_ER-210x300.png 210w, https:\/\/blaeserensemble-marktoberdorf.de\/wp-content\/uploads\/2024\/05\/2022_ER.png 721w\" sizes=\"auto, (max-width: 715px) 100vw, 715px\" \/><figcaption class=\"wp-element-caption\">Das Programmheft zu &#8222;Evening Reminiscenes&#8220; finden Sie <a href=\"https:\/\/blaeserensemble-marktoberdorf.de\/wp-content\/uploads\/2024\/05\/ER2022_Programmheft.pdf\" data-type=\"URL\" data-id=\"https:\/\/blaeserensemble-marktoberdorf.de\/wp-content\/uploads\/2024\/05\/ER2022_Programmheft.pdf\" target=\"_blank\" rel=\"noreferrer noopener\">hier<\/a>.<\/figcaption><\/figure>\n<\/div>","protected":false},"excerpt":{"rendered":"<p>Nachfolgend finden Sie einen \u00dcberblick \u00fcber ausgew\u00e4hlte Konzerte der letzten Jahre. Neben unseren gew\u00f6hnlichen Auftritten, wie der Serenade auf der Burg oder dem Jahreskonzert haben wir zuletzt auch verst\u00e4rkt einen<\/p>\n<p class=\"more-link\"><a class=\"button\" href=\"https:\/\/blaeserensemble-marktoberdorf.de\/?page_id=301\" class=\"readmore\">Continue reading<span class=\"screen-reader-text\">Konzerte<\/span><\/a><\/p>\n","protected":false},"author":1,"featured_media":0,"parent":0,"menu_order":0,"comment_status":"closed","ping_status":"closed","template":"","meta":{"footnotes":""},"class_list":["post-301","page","type-page","status-publish","hentry"],"yoast_head":"<!-- This site is optimized with the Yoast SEO plugin v27.2 - https:\/\/yoast.com\/product\/yoast-seo-wordpress\/ -->\n<title>Konzerte - Bl\u00e4serensemble Marktoberdorf<\/title>\n<meta name=\"description\" content=\"R\u00fcckblick auf vergangene Konzerte des Bl\u00e4serensemble Marktoberdorf.\" \/>\n<meta name=\"robots\" content=\"index, follow, max-snippet:-1, max-image-preview:large, max-video-preview:-1\" \/>\n<link rel=\"canonical\" href=\"https:\/\/blaeserensemble-marktoberdorf.de\/?page_id=301\" \/>\n<meta property=\"og:locale\" content=\"de_DE\" \/>\n<meta property=\"og:type\" content=\"article\" \/>\n<meta property=\"og:title\" content=\"Konzerte - Bl\u00e4serensemble Marktoberdorf\" \/>\n<meta property=\"og:description\" content=\"R\u00fcckblick auf vergangene Konzerte des Bl\u00e4serensemble Marktoberdorf.\" \/>\n<meta property=\"og:url\" content=\"https:\/\/blaeserensemble-marktoberdorf.de\/?page_id=301\" \/>\n<meta property=\"og:site_name\" content=\"Bl\u00e4serensemble Marktoberdorf\" \/>\n<meta property=\"article:modified_time\" content=\"2026-03-23T22:07:04+00:00\" \/>\n<meta property=\"og:image\" content=\"https:\/\/blaeserensemble-marktoberdorf.de\/wp-content\/uploads\/2024\/05\/2024_Jericho.png\" \/>\n\t<meta property=\"og:image:width\" content=\"1392\" \/>\n\t<meta property=\"og:image:height\" content=\"988\" \/>\n\t<meta property=\"og:image:type\" content=\"image\/png\" \/>\n<meta name=\"twitter:card\" content=\"summary_large_image\" \/>\n<meta name=\"twitter:label1\" content=\"Gesch\u00e4tzte Lesezeit\" \/>\n\t<meta name=\"twitter:data1\" content=\"1\u00a0Minute\" \/>\n<script type=\"application\/ld+json\" class=\"yoast-schema-graph\">{\"@context\":\"https:\/\/schema.org\",\"@graph\":[{\"@type\":\"WebPage\",\"@id\":\"https:\/\/blaeserensemble-marktoberdorf.de\/?page_id=301\",\"url\":\"https:\/\/blaeserensemble-marktoberdorf.de\/?page_id=301\",\"name\":\"Konzerte - Bl\u00e4serensemble Marktoberdorf\",\"isPartOf\":{\"@id\":\"https:\/\/blaeserensemble-marktoberdorf.de\/#website\"},\"primaryImageOfPage\":{\"@id\":\"https:\/\/blaeserensemble-marktoberdorf.de\/?page_id=301#primaryimage\"},\"image\":{\"@id\":\"https:\/\/blaeserensemble-marktoberdorf.de\/?page_id=301#primaryimage\"},\"thumbnailUrl\":\"https:\/\/blaeserensemble-marktoberdorf.de\/wp-content\/uploads\/2024\/05\/2024_Jericho-1024x727.png\",\"datePublished\":\"2024-05-18T09:42:52+00:00\",\"dateModified\":\"2026-03-23T22:07:04+00:00\",\"description\":\"R\u00fcckblick auf vergangene Konzerte des Bl\u00e4serensemble Marktoberdorf.\",\"breadcrumb\":{\"@id\":\"https:\/\/blaeserensemble-marktoberdorf.de\/?page_id=301#breadcrumb\"},\"inLanguage\":\"de\",\"potentialAction\":[{\"@type\":\"ReadAction\",\"target\":[\"https:\/\/blaeserensemble-marktoberdorf.de\/?page_id=301\"]}]},{\"@type\":\"ImageObject\",\"inLanguage\":\"de\",\"@id\":\"https:\/\/blaeserensemble-marktoberdorf.de\/?page_id=301#primaryimage\",\"url\":\"https:\/\/blaeserensemble-marktoberdorf.de\/wp-content\/uploads\/2024\/05\/2024_Jericho.png\",\"contentUrl\":\"https:\/\/blaeserensemble-marktoberdorf.de\/wp-content\/uploads\/2024\/05\/2024_Jericho.png\",\"width\":1392,\"height\":988},{\"@type\":\"BreadcrumbList\",\"@id\":\"https:\/\/blaeserensemble-marktoberdorf.de\/?page_id=301#breadcrumb\",\"itemListElement\":[{\"@type\":\"ListItem\",\"position\":1,\"name\":\"Start\",\"item\":\"https:\/\/blaeserensemble-marktoberdorf.de\/\"},{\"@type\":\"ListItem\",\"position\":2,\"name\":\"Konzerte\"}]},{\"@type\":\"WebSite\",\"@id\":\"https:\/\/blaeserensemble-marktoberdorf.de\/#website\",\"url\":\"https:\/\/blaeserensemble-marktoberdorf.de\/\",\"name\":\"Bl\u00e4serensemble Marktoberdorf\",\"description\":\"\",\"publisher\":{\"@id\":\"https:\/\/blaeserensemble-marktoberdorf.de\/#organization\"},\"potentialAction\":[{\"@type\":\"SearchAction\",\"target\":{\"@type\":\"EntryPoint\",\"urlTemplate\":\"https:\/\/blaeserensemble-marktoberdorf.de\/?s={search_term_string}\"},\"query-input\":{\"@type\":\"PropertyValueSpecification\",\"valueRequired\":true,\"valueName\":\"search_term_string\"}}],\"inLanguage\":\"de\"},{\"@type\":\"Organization\",\"@id\":\"https:\/\/blaeserensemble-marktoberdorf.de\/#organization\",\"name\":\"Bl\u00e4serensemble Marktoberdorf\",\"url\":\"https:\/\/blaeserensemble-marktoberdorf.de\/\",\"logo\":{\"@type\":\"ImageObject\",\"inLanguage\":\"de\",\"@id\":\"https:\/\/blaeserensemble-marktoberdorf.de\/#\/schema\/logo\/image\/\",\"url\":\"https:\/\/blaeserensemble-marktoberdorf.de\/wp-content\/uploads\/2026\/03\/favicon.png\",\"contentUrl\":\"https:\/\/blaeserensemble-marktoberdorf.de\/wp-content\/uploads\/2026\/03\/favicon.png\",\"width\":512,\"height\":512,\"caption\":\"Bl\u00e4serensemble Marktoberdorf\"},\"image\":{\"@id\":\"https:\/\/blaeserensemble-marktoberdorf.de\/#\/schema\/logo\/image\/\"}}]}<\/script>\n<!-- \/ Yoast SEO plugin. -->","yoast_head_json":{"title":"Konzerte - Bl\u00e4serensemble Marktoberdorf","description":"R\u00fcckblick auf vergangene Konzerte des Bl\u00e4serensemble Marktoberdorf.","robots":{"index":"index","follow":"follow","max-snippet":"max-snippet:-1","max-image-preview":"max-image-preview:large","max-video-preview":"max-video-preview:-1"},"canonical":"https:\/\/blaeserensemble-marktoberdorf.de\/?page_id=301","og_locale":"de_DE","og_type":"article","og_title":"Konzerte - Bl\u00e4serensemble Marktoberdorf","og_description":"R\u00fcckblick auf vergangene Konzerte des Bl\u00e4serensemble Marktoberdorf.","og_url":"https:\/\/blaeserensemble-marktoberdorf.de\/?page_id=301","og_site_name":"Bl\u00e4serensemble Marktoberdorf","article_modified_time":"2026-03-23T22:07:04+00:00","og_image":[{"width":1392,"height":988,"url":"https:\/\/blaeserensemble-marktoberdorf.de\/wp-content\/uploads\/2024\/05\/2024_Jericho.png","type":"image\/png"}],"twitter_card":"summary_large_image","twitter_misc":{"Gesch\u00e4tzte Lesezeit":"1\u00a0Minute"},"schema":{"@context":"https:\/\/schema.org","@graph":[{"@type":"WebPage","@id":"https:\/\/blaeserensemble-marktoberdorf.de\/?page_id=301","url":"https:\/\/blaeserensemble-marktoberdorf.de\/?page_id=301","name":"Konzerte - Bl\u00e4serensemble Marktoberdorf","isPartOf":{"@id":"https:\/\/blaeserensemble-marktoberdorf.de\/#website"},"primaryImageOfPage":{"@id":"https:\/\/blaeserensemble-marktoberdorf.de\/?page_id=301#primaryimage"},"image":{"@id":"https:\/\/blaeserensemble-marktoberdorf.de\/?page_id=301#primaryimage"},"thumbnailUrl":"https:\/\/blaeserensemble-marktoberdorf.de\/wp-content\/uploads\/2024\/05\/2024_Jericho-1024x727.png","datePublished":"2024-05-18T09:42:52+00:00","dateModified":"2026-03-23T22:07:04+00:00","description":"R\u00fcckblick auf vergangene Konzerte des Bl\u00e4serensemble Marktoberdorf.","breadcrumb":{"@id":"https:\/\/blaeserensemble-marktoberdorf.de\/?page_id=301#breadcrumb"},"inLanguage":"de","potentialAction":[{"@type":"ReadAction","target":["https:\/\/blaeserensemble-marktoberdorf.de\/?page_id=301"]}]},{"@type":"ImageObject","inLanguage":"de","@id":"https:\/\/blaeserensemble-marktoberdorf.de\/?page_id=301#primaryimage","url":"https:\/\/blaeserensemble-marktoberdorf.de\/wp-content\/uploads\/2024\/05\/2024_Jericho.png","contentUrl":"https:\/\/blaeserensemble-marktoberdorf.de\/wp-content\/uploads\/2024\/05\/2024_Jericho.png","width":1392,"height":988},{"@type":"BreadcrumbList","@id":"https:\/\/blaeserensemble-marktoberdorf.de\/?page_id=301#breadcrumb","itemListElement":[{"@type":"ListItem","position":1,"name":"Start","item":"https:\/\/blaeserensemble-marktoberdorf.de\/"},{"@type":"ListItem","position":2,"name":"Konzerte"}]},{"@type":"WebSite","@id":"https:\/\/blaeserensemble-marktoberdorf.de\/#website","url":"https:\/\/blaeserensemble-marktoberdorf.de\/","name":"Bl\u00e4serensemble Marktoberdorf","description":"","publisher":{"@id":"https:\/\/blaeserensemble-marktoberdorf.de\/#organization"},"potentialAction":[{"@type":"SearchAction","target":{"@type":"EntryPoint","urlTemplate":"https:\/\/blaeserensemble-marktoberdorf.de\/?s={search_term_string}"},"query-input":{"@type":"PropertyValueSpecification","valueRequired":true,"valueName":"search_term_string"}}],"inLanguage":"de"},{"@type":"Organization","@id":"https:\/\/blaeserensemble-marktoberdorf.de\/#organization","name":"Bl\u00e4serensemble Marktoberdorf","url":"https:\/\/blaeserensemble-marktoberdorf.de\/","logo":{"@type":"ImageObject","inLanguage":"de","@id":"https:\/\/blaeserensemble-marktoberdorf.de\/#\/schema\/logo\/image\/","url":"https:\/\/blaeserensemble-marktoberdorf.de\/wp-content\/uploads\/2026\/03\/favicon.png","contentUrl":"https:\/\/blaeserensemble-marktoberdorf.de\/wp-content\/uploads\/2026\/03\/favicon.png","width":512,"height":512,"caption":"Bl\u00e4serensemble Marktoberdorf"},"image":{"@id":"https:\/\/blaeserensemble-marktoberdorf.de\/#\/schema\/logo\/image\/"}}]}},"jetpack_sharing_enabled":true,"_links":{"self":[{"href":"https:\/\/blaeserensemble-marktoberdorf.de\/index.php?rest_route=\/wp\/v2\/pages\/301","targetHints":{"allow":["GET"]}}],"collection":[{"href":"https:\/\/blaeserensemble-marktoberdorf.de\/index.php?rest_route=\/wp\/v2\/pages"}],"about":[{"href":"https:\/\/blaeserensemble-marktoberdorf.de\/index.php?rest_route=\/wp\/v2\/types\/page"}],"author":[{"embeddable":true,"href":"https:\/\/blaeserensemble-marktoberdorf.de\/index.php?rest_route=\/wp\/v2\/users\/1"}],"replies":[{"embeddable":true,"href":"https:\/\/blaeserensemble-marktoberdorf.de\/index.php?rest_route=%2Fwp%2Fv2%2Fcomments&post=301"}],"version-history":[{"count":5,"href":"https:\/\/blaeserensemble-marktoberdorf.de\/index.php?rest_route=\/wp\/v2\/pages\/301\/revisions"}],"predecessor-version":[{"id":318,"href":"https:\/\/blaeserensemble-marktoberdorf.de\/index.php?rest_route=\/wp\/v2\/pages\/301\/revisions\/318"}],"wp:attachment":[{"href":"https:\/\/blaeserensemble-marktoberdorf.de\/index.php?rest_route=%2Fwp%2Fv2%2Fmedia&parent=301"}],"curies":[{"name":"wp","href":"https:\/\/api.w.org\/{rel}","templated":true}]}}